{"id":598,"date":"2016-06-30T15:07:33","date_gmt":"2016-06-30T13:07:33","guid":{"rendered":"http:\/\/www.gefdg.be\/permutation-reprise-de-gardes\/"},"modified":"2021-01-08T12:18:45","modified_gmt":"2021-01-08T11:18:45","slug":"diensttausch-dienstuebernahme","status":"publish","type":"page","link":"https:\/\/www.gefdg.be\/de\/diensttausch-dienstuebernahme\/","title":{"rendered":"Diensttausch \/ Dienst\u00fcbernahme"},"content":{"rendered":"<p>Demandes de permutation et de reprise de gardes actuellement en cours pour les Zones Est, Nord et Sud :<\/p>\n<h3>Gardes de nuit &#8211; Zone Nord (PMG Verviers) :<\/h3>\n<ul>\n<li>Mercredi 27\/1 &#8211; Dr Graulich (reprise &#8211; incapacit\u00e9)<\/li>\n<li>Lundi 8\/2 &#8211; Dr Graulich (reprise &#8211; incapacit\u00e9)<\/li>\n<li>Mardi 25\/5 &#8211; Dr Aldenhoff (permutation jour ou reprise)<\/li>\n<\/ul>\n<h3>Gardes de nuit &#8211; Zone Sud (PMG Stavelot) :<\/h3>\n<ul>\n<li>\/<\/li>\n<\/ul>\n<h3>Gardes de nuit &#8211; Zone Est (PMG St.Vith) :<\/h3>\n<ul>\n<li>\/<\/li>\n<\/ul>\n<h3>Gardes de jour &#8211; Zone 1 (PMG Henri-Chapelle) :<\/h3>\n<ul>\n<li>Samedi 10\/4 &#8211; Dr Muselle &#8211; 1a (permutation d\u00e9but 2021)<\/li>\n<li>Dimanche 16\/5 &#8211; Dr Muselle &#8211; 1b (permutation d\u00e9but 2021)<\/li>\n<\/ul>\n<h3>Gardes de jour &#8211; Zone 2 (PMG Verviers) :<\/h3>\n<ul>\n<li>\/<\/li>\n<\/ul>\n<h3>Gardes de jour &#8211; Zone 3 (PMG Spa) :<\/h3>\n<ul>\n<li>\/<\/li>\n<\/ul>\n<h3>Gardes de jour &#8211; Zone 4 (PMG Malmedy) :<\/h3>\n<ul>\n<li>\/<\/li>\n<\/ul>\n<h3>Gardes de jour &#8211; Zone 5 (PMG Grand-Halleux) :<\/h3>\n<ul>\n<li>Lundi 24\/5 &#8211; Dr Massaut (reprise)<\/li>\n<\/ul>\n<h3>Gardes de jour &#8211; Zone 6 (PMG Eupen) :<\/h3>\n<ul>\n<li>\/<\/li>\n<\/ul>\n<h3>Gardes de jour &#8211; Zone 7 (PMG St.Vith) :<\/h3>\n<ul>\n<li>\/<\/li>\n<\/ul>\n<h3>Gardes de r\u00e9serve :<\/h3>\n<ul>\n<li>Dimanche 7\/2 &#8211; Dr Degros &#8211; r\u00e9serve jour 1 (reprise)<\/li>\n<li>Lundi 8\/2 &#8211; Dr Samain &#8211; r\u00e9serve nuit (reprise)<\/li>\n<li>Dimanche 14\/2 &#8211; Dr Picquot &#8211; r\u00e9serve jour 1 (reprise)<\/li>\n<li>Dimanche 7\/3 &#8211; Dr Janssen El. &#8211; R\u00e9serve jour 1 (reprise)<\/li>\n<li>Dimanche 14\/3 &#8211; Dr Bindelle &#8211; r\u00e9serve jour 1 (reprise)<\/li>\n<li>Mercredi 31\/3 &#8211; Dr Werts &#8211; r\u00e9serve nuit (reprise)<\/li>\n<li>Lundi 5\/4 &#8211; Dr Huart &#8211; r\u00e9serve jour 1 (reprise)<\/li>\n<li>Jeudi 8\/4 &#8211; Dr Boschetti &#8211; r\u00e9serve nuit (reprise)<\/li>\n<li>Dimanche 11\/4 &#8211; Dr Beuken &#8211; r\u00e9serve jour 1 (reprise)<\/li>\n<li>Samedi 17\/4 &#8211; Dr Janssen Er. &#8211; r\u00e9serve jour 1 (reprise)<\/li>\n<li>Samedi 8\/5 &#8211; Dr Carlier &#8211; r\u00e9serve jour 1 (reprise)<\/li>\n<li>Dimanche 9\/5 &#8211; Dr Gardier &#8211; r\u00e9serve nuit (reprise)<\/li>\n<li>Dimanche 23\/5 &#8211; Dr Govaerts &#8211; r\u00e9serve jour 1 (reprise)<\/li>\n<li>Samedi 29\/5 &#8211; Dr H\u00fcrtgen &#8211; r\u00e9serve nuit (reprise)<\/li>\n<li>Lundi 31\/5 &#8211; Dr Beuken &#8211; r\u00e9serve nuit (reprise)<\/li>\n<li>Mardi 8\/6 &#8211; Dr Gardier &#8211; r\u00e9serve nuit (reprise)<\/li>\n<li>Dimanche 13\/6 &#8211; Dr Janssen El. &#8211; R\u00e9serve nuit (reprise)<\/li>\n<\/ul>\n<p><span style=\"color: #ff0000;\"><strong>Demandes non prioritaires<\/strong><\/span><\/p>\n<h3>Gardes de nuit &#8211; Zone Nord (PMG Verviers) :<\/h3>\n<ul>\n<li>\/<\/li>\n<\/ul>\n<h3>Gardes de nuit &#8211; Zone Sud (PMG Stavelot) :<\/h3>\n<ul>\n<li>\/<\/li>\n<\/ul>\n<h3>Gardes de nuit &#8211; Zone Est (PMG St.Vith) :<\/h3>\n<ul>\n<li>\/<\/li>\n<\/ul>\n<h3>Gardes de jour &#8211; Zone 1 (PMG Henri-Chapelle) :<\/h3>\n<ul>\n<li>\/<\/li>\n<\/ul>\n<h3>Gardes de jour &#8211; Zone 2 (PMG Verviers) :<\/h3>\n<ul>\n<li>\/<\/li>\n<\/ul>\n<h3>Gardes de jour &#8211; Zone 3 (PMG Spa) :<\/h3>\n<ul>\n<li>\/<\/li>\n<\/ul>\n<h3>Gardes de jour &#8211; Zone 4 (PMG Malmedy) :<\/h3>\n<ul>\n<li>\/<\/li>\n<\/ul>\n<h3>Gardes de jour &#8211; Zone 5 (PMG Grand-Halleux) :<\/h3>\n<ul>\n<li>\/<\/li>\n<\/ul>\n<h3>Gardes de jour &#8211; Zone 6 (PMG Eupen) :<\/h3>\n<ul>\n<li>\/<\/li>\n<\/ul>\n<h3>Gardes de r\u00e9serve :<\/h3>\n<ul>\n<li>\/<\/li>\n<\/ul>\n","protected":false},"excerpt":{"rendered":"<p>Demandes de permutation et de reprise de gardes actuellement en cours pour les Zones Est, Nord et Sud : Gardes de nuit &#8211; Zone Nord (PMG Verviers) : Mercredi 27\/1 &#8211; Dr Graulich (reprise &#8211; incapacit\u00e9) Lundi 8\/2 &#8211; Dr Graulich (reprise &#8211; incapacit\u00e9) Mardi 25\/5 &#8211; Dr Aldenhoff (permutation jour ou reprise) Gardes de [&hellip;]<\/p>\n","protected":false},"author":1,"featured_media":0,"parent":0,"menu_order":0,"comment_status":"closed","ping_status":"closed","template":"template-secure-pages.php","meta":{"_acf_changed":false,"footnotes":""},"class_list":["post-598","page","type-page","status-publish","hentry"],"acf":[],"yoast_head":"<!-- This site is optimized with the Yoast SEO plugin v27.5 - https:\/\/yoast.com\/product\/yoast-seo-wordpress\/ -->\n<title>Diensttausch \/ Dienst\u00fcbernahme - GEF-DG.be<\/title>\n<meta name=\"robots\" content=\"index, follow, max-snippet:-1, max-image-preview:large, max-video-preview:-1\" \/>\n<link rel=\"canonical\" href=\"https:\/\/www.gefdg.be\/de\/diensttausch-dienstuebernahme\/\" \/>\n<meta property=\"og:locale\" content=\"de_DE\" \/>\n<meta property=\"og:type\" content=\"article\" \/>\n<meta property=\"og:title\" content=\"Diensttausch \/ Dienst\u00fcbernahme - GEF-DG.be\" \/>\n<meta property=\"og:description\" content=\"Demandes de permutation et de reprise de gardes actuellement en cours pour les Zones Est, Nord et Sud : Gardes de nuit &#8211; Zone Nord (PMG Verviers) : Mercredi 27\/1 &#8211; Dr Graulich (reprise &#8211; incapacit\u00e9) Lundi 8\/2 &#8211; Dr Graulich (reprise &#8211; incapacit\u00e9) Mardi 25\/5 &#8211; Dr Aldenhoff (permutation jour ou reprise) Gardes de [&hellip;]\" \/>\n<meta property=\"og:url\" content=\"https:\/\/www.gefdg.be\/de\/diensttausch-dienstuebernahme\/\" \/>\n<meta property=\"og:site_name\" content=\"GEF-DG.be\" \/>\n<meta property=\"article:modified_time\" content=\"2021-01-08T11:18:45+00:00\" \/>\n<meta name=\"twitter:card\" content=\"summary_large_image\" \/>\n<meta name=\"twitter:label1\" content=\"Gesch\u00e4tzte Lesezeit\" \/>\n\t<meta name=\"twitter:data1\" content=\"2\u00a0Minuten\" \/>\n<script type=\"application\/ld+json\" class=\"yoast-schema-graph\">{\"@context\":\"https:\\\/\\\/schema.org\",\"@graph\":[{\"@type\":\"WebPage\",\"@id\":\"https:\\\/\\\/www.gefdg.be\\\/de\\\/diensttausch-dienstuebernahme\\\/\",\"url\":\"https:\\\/\\\/www.gefdg.be\\\/de\\\/diensttausch-dienstuebernahme\\\/\",\"name\":\"Diensttausch \\\/ Dienst\u00fcbernahme - GEF-DG.be\",\"isPartOf\":{\"@id\":\"https:\\\/\\\/www.gefdg.be\\\/#website\"},\"datePublished\":\"2016-06-30T13:07:33+00:00\",\"dateModified\":\"2021-01-08T11:18:45+00:00\",\"breadcrumb\":{\"@id\":\"https:\\\/\\\/www.gefdg.be\\\/de\\\/diensttausch-dienstuebernahme\\\/#breadcrumb\"},\"inLanguage\":\"de\",\"potentialAction\":[{\"@type\":\"ReadAction\",\"target\":[\"https:\\\/\\\/www.gefdg.be\\\/de\\\/diensttausch-dienstuebernahme\\\/\"]}]},{\"@type\":\"BreadcrumbList\",\"@id\":\"https:\\\/\\\/www.gefdg.be\\\/de\\\/diensttausch-dienstuebernahme\\\/#breadcrumb\",\"itemListElement\":[{\"@type\":\"ListItem\",\"position\":1,\"name\":\"Accueil\",\"item\":\"https:\\\/\\\/www.gefdg.be\\\/de\\\/\"},{\"@type\":\"ListItem\",\"position\":2,\"name\":\"Diensttausch \\\/ Dienst\u00fcbernahme\"}]},{\"@type\":\"WebSite\",\"@id\":\"https:\\\/\\\/www.gefdg.be\\\/#website\",\"url\":\"https:\\\/\\\/www.gefdg.be\\\/\",\"name\":\"GEF-DG\",\"description\":\"Postes de garde de m\u00e9decines g\u00e9n\u00e9rales\",\"publisher\":{\"@id\":\"https:\\\/\\\/www.gefdg.be\\\/#organization\"},\"potentialAction\":[{\"@type\":\"SearchAction\",\"target\":{\"@type\":\"EntryPoint\",\"urlTemplate\":\"https:\\\/\\\/www.gefdg.be\\\/?s={search_term_string}\"},\"query-input\":{\"@type\":\"PropertyValueSpecification\",\"valueRequired\":true,\"valueName\":\"search_term_string\"}}],\"inLanguage\":\"de\"},{\"@type\":\"Organization\",\"@id\":\"https:\\\/\\\/www.gefdg.be\\\/#organization\",\"name\":\"GEFDG\",\"url\":\"https:\\\/\\\/www.gefdg.be\\\/\",\"logo\":{\"@type\":\"ImageObject\",\"inLanguage\":\"de\",\"@id\":\"https:\\\/\\\/www.gefdg.be\\\/#\\\/schema\\\/logo\\\/image\\\/\",\"url\":\"https:\\\/\\\/www.gefdg.be\\\/wp-content\\\/uploads\\\/2020\\\/09\\\/logoGEF_DG-01.png\",\"contentUrl\":\"https:\\\/\\\/www.gefdg.be\\\/wp-content\\\/uploads\\\/2020\\\/09\\\/logoGEF_DG-01.png\",\"width\":2452,\"height\":937,\"caption\":\"GEFDG\"},\"image\":{\"@id\":\"https:\\\/\\\/www.gefdg.be\\\/#\\\/schema\\\/logo\\\/image\\\/\"}}]}<\/script>\n<!-- \/ Yoast SEO plugin. -->","yoast_head_json":{"title":"Diensttausch \/ Dienst\u00fcbernahme - GEF-DG.be","robots":{"index":"index","follow":"follow","max-snippet":"max-snippet:-1","max-image-preview":"max-image-preview:large","max-video-preview":"max-video-preview:-1"},"canonical":"https:\/\/www.gefdg.be\/de\/diensttausch-dienstuebernahme\/","og_locale":"de_DE","og_type":"article","og_title":"Diensttausch \/ Dienst\u00fcbernahme - GEF-DG.be","og_description":"Demandes de permutation et de reprise de gardes actuellement en cours pour les Zones Est, Nord et Sud : Gardes de nuit &#8211; Zone Nord (PMG Verviers) : Mercredi 27\/1 &#8211; Dr Graulich (reprise &#8211; incapacit\u00e9) Lundi 8\/2 &#8211; Dr Graulich (reprise &#8211; incapacit\u00e9) Mardi 25\/5 &#8211; Dr Aldenhoff (permutation jour ou reprise) Gardes de [&hellip;]","og_url":"https:\/\/www.gefdg.be\/de\/diensttausch-dienstuebernahme\/","og_site_name":"GEF-DG.be","article_modified_time":"2021-01-08T11:18:45+00:00","twitter_card":"summary_large_image","twitter_misc":{"Gesch\u00e4tzte Lesezeit":"2\u00a0Minuten"},"schema":{"@context":"https:\/\/schema.org","@graph":[{"@type":"WebPage","@id":"https:\/\/www.gefdg.be\/de\/diensttausch-dienstuebernahme\/","url":"https:\/\/www.gefdg.be\/de\/diensttausch-dienstuebernahme\/","name":"Diensttausch \/ Dienst\u00fcbernahme - GEF-DG.be","isPartOf":{"@id":"https:\/\/www.gefdg.be\/#website"},"datePublished":"2016-06-30T13:07:33+00:00","dateModified":"2021-01-08T11:18:45+00:00","breadcrumb":{"@id":"https:\/\/www.gefdg.be\/de\/diensttausch-dienstuebernahme\/#breadcrumb"},"inLanguage":"de","potentialAction":[{"@type":"ReadAction","target":["https:\/\/www.gefdg.be\/de\/diensttausch-dienstuebernahme\/"]}]},{"@type":"BreadcrumbList","@id":"https:\/\/www.gefdg.be\/de\/diensttausch-dienstuebernahme\/#breadcrumb","itemListElement":[{"@type":"ListItem","position":1,"name":"Accueil","item":"https:\/\/www.gefdg.be\/de\/"},{"@type":"ListItem","position":2,"name":"Diensttausch \/ Dienst\u00fcbernahme"}]},{"@type":"WebSite","@id":"https:\/\/www.gefdg.be\/#website","url":"https:\/\/www.gefdg.be\/","name":"GEF-DG","description":"Postes de garde de m\u00e9decines g\u00e9n\u00e9rales","publisher":{"@id":"https:\/\/www.gefdg.be\/#organization"},"potentialAction":[{"@type":"SearchAction","target":{"@type":"EntryPoint","urlTemplate":"https:\/\/www.gefdg.be\/?s={search_term_string}"},"query-input":{"@type":"PropertyValueSpecification","valueRequired":true,"valueName":"search_term_string"}}],"inLanguage":"de"},{"@type":"Organization","@id":"https:\/\/www.gefdg.be\/#organization","name":"GEFDG","url":"https:\/\/www.gefdg.be\/","logo":{"@type":"ImageObject","inLanguage":"de","@id":"https:\/\/www.gefdg.be\/#\/schema\/logo\/image\/","url":"https:\/\/www.gefdg.be\/wp-content\/uploads\/2020\/09\/logoGEF_DG-01.png","contentUrl":"https:\/\/www.gefdg.be\/wp-content\/uploads\/2020\/09\/logoGEF_DG-01.png","width":2452,"height":937,"caption":"GEFDG"},"image":{"@id":"https:\/\/www.gefdg.be\/#\/schema\/logo\/image\/"}}]}},"_links":{"self":[{"href":"https:\/\/www.gefdg.be\/de\/wp-json\/wp\/v2\/pages\/598\/"}],"collection":[{"href":"https:\/\/www.gefdg.be\/de\/wp-json\/wp\/v2\/pages\/"}],"about":[{"href":"https:\/\/www.gefdg.be\/de\/wp-json\/wp\/v2\/types\/page\/"}],"author":[{"embeddable":true,"href":"https:\/\/www.gefdg.be\/de\/wp-json\/wp\/v2\/users\/1\/"}],"replies":[{"embeddable":true,"href":"https:\/\/www.gefdg.be\/de\/wp-json\/wp\/v2\/comments\/?post=598"}],"version-history":[{"count":690,"href":"https:\/\/www.gefdg.be\/de\/wp-json\/wp\/v2\/pages\/598\/revisions\/"}],"predecessor-version":[{"id":5379,"href":"https:\/\/www.gefdg.be\/de\/wp-json\/wp\/v2\/pages\/598\/revisions\/5379\/"}],"wp:attachment":[{"href":"https:\/\/www.gefdg.be\/de\/wp-json\/wp\/v2\/media\/?parent=598"}],"curies":[{"name":"wp","href":"https:\/\/api.w.org\/{rel}","templated":true}]}}